{"id":45,"date":"2020-07-16T09:24:39","date_gmt":"2020-07-16T07:24:39","guid":{"rendered":"http:\/\/parafia-boguchwaly.ovh\/?page_id=45"},"modified":"2026-04-26T15:39:28","modified_gmt":"2026-04-26T13:39:28","slug":"intencje-mszalne","status":"publish","type":"page","link":"https:\/\/parafia-boguchwaly.ovh\/index.php\/intencje-mszalne\/","title":{"rendered":"Intencje mszalne"},"content":{"rendered":"\n<div class=\"wp-block-group\"><div class=\"wp-block-group__inner-container is-layout-flow wp-block-group-is-layout-flow\">\n<p><strong style=\"font-size: 1.8em; white-space-collapse: preserve;\">Rok 2026. 19 &#8211; 26 kwietnia.<\/strong><\/p>\n<p><strong>Niedziela\u00a0 [19 kwietnia]<\/strong><\/p>\n<ul>\n<li>godz. 9.00 &#8211;\u00a0 +Miko\u0142aj Wowk (1 rocz. \u015bm.),\u00a0\u00a0<\/li>\n<li>godz.12.00 &#8211;\u00a0 +Katarzyna Pawe\u0142as (39 rocz. \u015bm.) i zm\u00a0 z rodz. Wysockich, Pawe\u0142as, Rozbickich i Fr\u0105ckiewicz,<\/li>\n<li>godz. 10.30\/Gl\u0119dy\/ &#8211;\u00a0 w int. parafian.\u00a0 \u00a0 \u00a0<\/li>\n<\/ul>\n<p><strong>Poniedzia\u0142ek\u00a0<\/strong><\/p>\n<ul>\n<li>godz. 18.00 &#8211; +Romuald Sienkiewicz.\u00a0 \u00a0 \u00a0 \u00a0 \u00a0\u00a0<\/li>\n<\/ul>\n<p><strong>Wtorek\u00a0<\/strong><\/p>\n<ul>\n<li>godz. 18.00 &#8211;\u00a0 +Edward Czechowski.\u00a0 \u00a0 \u00a0 \u00a0<\/li>\n<\/ul>\n<p><strong>\u015aroda<\/strong><\/p>\n<ul>\n<li style=\"text-align: left;\">godz. 8.00 &#8211;\u00a0 W int. parafian.\u00a0 \u00a0 \u00a0 \u00a0 \u00a0 \u00a0 \u00a0 \u00a0 \u00a0 \u00a0 \u00a0 \u00a0 \u00a0 \u00a0 \u00a0 \u00a0 \u00a0 \u00a0 \u00a0 \u00a0 \u00a0 \u00a0 \u00a0 \u00a0 \u00a0 \u00a0 \u00a0 \u00a0 \u00a0 \u00a0 \u00a0 \u00a0 \u00a0 \u00a0 \u00a0 \u00a0 \u00a0 \u00a0 \u00a0 \u00a0 \u00a0 \u00a0 \u00a0 \u00a0 \u00a0 \u00a0 \u00a0 \u00a0 \u00a0 \u00a0 \u00a0 \u00a0 \u00a0 \u00a0 \u00a0 \u00a0 \u00a0\u00a0<\/li>\n<\/ul>\n<p><strong>Czwartek<\/strong><\/p>\n<ul>\n<li>godz. 18.00 &#8211;\u00a0 +Ryszard Spalik. \u00a0<strong>\u00a0<\/strong>\u00a0 \u00a0 \u00a0 \u00a0 \u00a0 \u00a0 \u00a0 \u00a0 \u00a0 \u00a0 \u00a0 \u00a0 \u00a0 \u00a0 \u00a0 \u00a0 \u00a0 \u00a0 \u00a0 \u00a0 \u00a0 \u00a0 \u00a0 \u00a0 \u00a0 \u00a0 \u00a0 \u00a0 \u00a0 \u00a0 \u00a0 \u00a0 \u00a0 \u00a0 \u00a0 \u00a0 \u00a0 \u00a0 \u00a0 \u00a0 \u00a0 \u00a0 \u00a0 \u00a0 \u00a0 \u00a0 \u00a0 \u00a0 \u00a0 \u00a0 \u00a0 \u00a0 \u00a0 \u00a0 \u00a0 \u00a0 \u00a0 \u00a0 \u00a0 \u00a0 \u00a0 \u00a0 \u00a0 \u00a0 \u00a0 \u00a0 \u00a0 \u00a0 \u00a0 \u00a0 \u00a0 \u00a0 \u00a0 \u00a0 \u00a0 \u00a0 \u00a0 \u00a0 \u00a0 \u00a0 \u00a0 \u00a0 \u00a0 \u00a0 \u00a0 \u00a0 \u00a0 \u00a0 \u00a0 \u00a0 \u00a0 \u00a0 \u00a0 \u00a0 \u00a0 \u00a0 \u00a0 \u00a0 \u00a0 \u00a0 \u00a0 \u00a0 \u00a0 \u00a0 \u00a0 \u00a0 \u00a0 \u00a0 \u00a0 \u00a0 \u00a0 \u00a0 \u00a0 \u00a0<\/li>\n<\/ul>\n<p><strong>Pi\u0105tek<\/strong><\/p>\n<ul>\n<li>godz.\u00a0 18.00 &#8211;\u00a0 +Edward Czechowski.\u00a0 \u00a0 \u00a0 \u00a0 \u00a0 \u00a0\u00a0<\/li>\n<\/ul>\n<p><strong>Sobota<\/strong><strong>\u00a0<\/strong><\/p>\n<ul>\n<li>\u00a0godz. 18.00\u00a0 &#8211;\u00a0 +Zofia i Stanis\u0142aw Karwaszewscy,<\/li>\n<li>godz. 16.30\/Roje\/ &#8211;\u00a0 +Zbigniew Pabich (2 rocz. \u015bm.), Dorota i Stefan Pabich.\u00a0 \u00a0 \u00a0 \u00a0 \u00a0 \u00a0 \u00a0 \u00a0 \u00a0 \u00a0 \u00a0 \u00a0 \u00a0 \u00a0 \u00a0 \u00a0 \u00a0 \u00a0 \u00a0 \u00a0 \u00a0\u00a0<\/li>\n<\/ul>\n<p><strong>Niedziela [26 kwietnia]<\/strong><\/p>\n<ul>\n<li>godz. 9.00\u00a0 &#8211;\u00a0 +Irena Sasin (5 rocz. \u015bm.),\u00a0 \u00a0 \u00a0\u00a0<\/li>\n<li>godz. 12.00 &#8211; +Marian Stefa\u0144ski (16 rocz. \u015bm.), Stanis\u0142awa, Leon i Stanis\u0142awa Stefa\u0144scy,<\/li>\n<li>godz. 10.30\/Gl\u0119dy\/ &#8211;\u00a0 w int. parafian.\u00a0\u00a0<\/li>\n<\/ul>\n<h2>\u00a0<\/h2>\n<h2 class=\"wp-block-preformatted\" style=\"text-align: center;\"><strong>Rok 2026. 26<i> kwietnia &#8211; 3 maja.<\/i><\/strong><\/h2>\n<p><strong>Niedziela [26 kwietnia]\u00a0 \u00a0<\/strong><\/p>\n<ul style=\"list-style-type: square;\">\n<li>godz. 9.00\u00a0 &#8211;\u00a0 +Irena Sasin (5 rocz. \u015bm.),\u00a0 \u00a0 \u00a0<\/li>\n<li>godz. 12.00 &#8211;\u00a0 +Marian Stefa\u0144ski (16 rocz. \u015bm.), Stanis\u0142awa, Leon i\u00a0 Stanis\u0142awa Stefa\u0144scy<\/li>\n<li>godz. 10.30\/Gl\u0119dy\/ &#8211;\u00a0 w int. parafian.\u00a0 \u00a0 \u00a0 \u00a0 \u00a0\u00a0<\/li>\n<\/ul>\n<p><strong>Poniedzia\u0142ek\u00a0<\/strong><\/p>\n<ul>\n<li>\n<p>godz. 8.00 &#8211;\u00a0 +Miros\u0142aw Tejs.\u00a0<\/p>\n<\/li>\n<\/ul>\n<p><strong>Wtorek\u00a0<\/strong><\/p>\n<ul>\n<li>godz. 18.00 &#8211;\u00a0 +Bronis\u0142aw i Stanis\u0142awa Przecioska.\u00a0 \u00a0 \u00a0 \u00a0 \u00a0\u00a0<\/li>\n<\/ul>\n<p><strong>\u015aroda<\/strong><\/p>\n<ul>\n<li style=\"text-align: left;\">godz.\u00a0 \u00a0 \u00a0 \u00a0 \u00a0 \u00a0 \u00a0 \u00a0 \u00a0 \u00a0 \u00a0 \u00a0 \u00a0 \u00a0 \u00a0 \u00a0 \u00a0 \u00a0 \u00a0 \u00a0 \u00a0 \u00a0 \u00a0 \u00a0 \u00a0 \u00a0 \u00a0 \u00a0 \u00a0 \u00a0 \u00a0 \u00a0 \u00a0 \u00a0 \u00a0 \u00a0 \u00a0 \u00a0 \u00a0 \u00a0 \u00a0 \u00a0 \u00a0 \u00a0 \u00a0 \u00a0 \u00a0 \u00a0 \u00a0 \u00a0 \u00a0 \u00a0 \u00a0 \u00a0 \u00a0 \u00a0 \u00a0 \u00a0 \u00a0 \u00a0 \u00a0 \u00a0 \u00a0 \u00a0 \u00a0 \u00a0 \u00a0 \u00a0 \u00a0\u00a0<\/li>\n<\/ul>\n<p><strong>Czwartek<\/strong><\/p>\n<ul>\n<li>godz. 18.00\u00a0 &#8211;\u00a0 \u00a0+Janina Gnes.\u00a0 \u00a0 \u00a0 \u00a0 \u00a0 \u00a0 \u00a0 \u00a0 \u00a0 \u00a0 \u00a0 \u00a0 \u00a0 \u00a0 \u00a0 \u00a0 \u00a0 \u00a0 \u00a0 \u00a0 \u00a0 \u00a0 \u00a0 \u00a0 \u00a0 \u00a0 \u00a0 \u00a0 \u00a0 \u00a0 \u00a0 \u00a0 \u00a0 \u00a0 \u00a0 \u00a0\u00a0<\/li>\n<\/ul>\n<p><strong>Pi\u0105tek<\/strong><\/p>\n<ul>\n<li>godz. 18.00\u00a0 &#8211; +Miros\u0142aw Tejs.\u00a0 \u00a0 \u00a0\u00a0<\/li>\n<\/ul>\n<p><strong>Sobota\u00a0<\/strong><\/p>\n<ul>\n<li>godz. 9.00\u00a0 &#8211;\u00a0 &#8212;&#8212;&#8212;&#8212;&#8212;&#8212;&#8211;<\/li>\n<li>godz. 12.00 &#8211; +Paulina, Irena i Franciszek Cieniewscy, Ma\u0142gorzata, J\u00f3zefa i Kazimierz Szewczyk,<\/li>\n<li>godz. 10.30\/Roje\/ &#8211; W int. parafian.\u00a0 \u00a0 \u00a0 \u00a0 \u00a0 \u00a0 \u00a0 \u00a0 \u00a0 \u00a0 \u00a0 \u00a0 \u00a0 \u00a0 \u00a0 \u00a0 \u00a0 \u00a0 \u00a0 \u00a0 \u00a0 \u00a0 \u00a0 \u00a0 \u00a0 \u00a0 \u00a0 \u00a0 \u00a0 \u00a0 \u00a0 \u00a0 \u00a0 \u00a0 \u00a0 \u00a0 \u00a0 \u00a0 \u00a0 \u00a0 \u00a0 \u00a0 \u00a0 \u00a0 \u00a0 \u00a0 \u00a0 \u00a0 \u00a0 \u00a0 \u00a0 \u00a0 \u00a0 \u00a0 \u00a0 \u00a0 \u00a0 \u00a0 \u00a0 \u00a0 \u00a0 \u00a0 \u00a0 \u00a0 \u00a0 \u00a0 \u00a0 \u00a0 \u00a0 \u00a0 \u00a0 \u00a0 \u00a0 \u00a0 \u00a0 \u00a0 \u00a0 \u00a0 \u00a0 \u00a0 \u00a0<\/li>\n<\/ul>\n<p><strong>Niedziela [3 maja]<\/strong><\/p>\n<ul>\n<li>godz. 9.00 &#8211;\u00a0 +Wies\u0142awa Sycik (od rodz. Naklickich),\u00a0 \u00a0<\/li>\n<li>godz. 12.00 &#8211;\u00a0 +Stanis\u0142aw, Maria, Helena i Stanis\u0142aw Majsterek, Jan, Anna i J\u00f3zef Pawe\u0142as,\u00a0\u00a0<\/li>\n<li>godz.10.30\/Gl\u0119dy\/ &#8211;\u00a0 +Ryszard Piwek, Jan, Celina, Stanis\u0142a Or\u0142owscy i zm. z rodz. Mr\u00f3z.\u00a0<\/li>\n<\/ul>\n\n\n\n<p><\/p>\n\n\n\n<p><\/p>\n<\/div><\/div>\n\n\n\n<p>&nbsp;&nbsp;&nbsp;&nbsp;&nbsp;&nbsp;&nbsp;&nbsp;&nbsp;&nbsp;&nbsp;&nbsp;&nbsp;<\/p>\n\n\n\n<p><\/p>\n\n\n\n<p><\/p>\n","protected":false},"excerpt":{"rendered":"<p>Rok 2026. 19 &#8211; 26 kwietnia. Niedziela\u00a0 [19 kwietnia] godz. 9.00 &#8211;\u00a0 +Miko\u0142aj Wowk (1 rocz. \u015bm.),\u00a0\u00a0 godz.12.00 &#8211;\u00a0 +Katarzyna Pawe\u0142as (39 rocz. \u015bm.) i zm\u00a0 z rodz. Wysockich, Pawe\u0142as, Rozbickich i Fr\u0105ckiewicz, godz. 10.30\/Gl\u0119dy\/ &#8211;\u00a0 w int. parafian.\u00a0 \u00a0 &hellip; <a href=\"https:\/\/parafia-boguchwaly.ovh\/index.php\/intencje-mszalne\/\">Czytaj dalej <span class=\"meta-nav\">&rarr;<\/span><\/a><\/p>\n","protected":false},"author":1,"featured_media":0,"parent":0,"menu_order":0,"comment_status":"closed","ping_status":"closed","template":"","meta":{"footnotes":""},"class_list":["post-45","page","type-page","status-publish","hentry"],"_links":{"self":[{"href":"https:\/\/parafia-boguchwaly.ovh\/index.php\/wp-json\/wp\/v2\/pages\/45","targetHints":{"allow":["GET"]}}],"collection":[{"href":"https:\/\/parafia-boguchwaly.ovh\/index.php\/wp-json\/wp\/v2\/pages"}],"about":[{"href":"https:\/\/parafia-boguchwaly.ovh\/index.php\/wp-json\/wp\/v2\/types\/page"}],"author":[{"embeddable":true,"href":"https:\/\/parafia-boguchwaly.ovh\/index.php\/wp-json\/wp\/v2\/users\/1"}],"replies":[{"embeddable":true,"href":"https:\/\/parafia-boguchwaly.ovh\/index.php\/wp-json\/wp\/v2\/comments?post=45"}],"version-history":[{"count":755,"href":"https:\/\/parafia-boguchwaly.ovh\/index.php\/wp-json\/wp\/v2\/pages\/45\/revisions"}],"predecessor-version":[{"id":5620,"href":"https:\/\/parafia-boguchwaly.ovh\/index.php\/wp-json\/wp\/v2\/pages\/45\/revisions\/5620"}],"wp:attachment":[{"href":"https:\/\/parafia-boguchwaly.ovh\/index.php\/wp-json\/wp\/v2\/media?parent=45"}],"curies":[{"name":"wp","href":"https:\/\/api.w.org\/{rel}","templated":true}]}}